{"id":628,"date":"2025-06-23T08:45:12","date_gmt":"2025-06-23T08:45:12","guid":{"rendered":"https:\/\/ricciotti.nl\/?post_type=tour&#038;p=628"},"modified":"2025-10-01T10:01:07","modified_gmt":"2025-10-01T10:01:07","slug":"voorjaarstour","status":"publish","type":"tour","link":"https:\/\/ricciotti.nl\/en\/tour\/voorjaarstour\/","title":{"rendered":"Ricciotti In Extase!"},"content":{"rendered":"<div class=\"wp-block-group alignfull has-magenta-color has-yellow-light-background-color has-text-color has-background has-link-color wp-elements-6071fbb15118a6466d19cc3ead0171e4\"><div class=\"wp-block-group__inner-container is-layout-constrained wp-block-group-is-layout-constrained\">\n<p class=\"has-green-color has-text-color has-link-color wp-elements-0a37a31db88d21e4b2194da673a0f7a8\">Quick to: <a href=\"#optredens\"><strong>Overview performances<\/strong><\/a> \/ <a href=\"#solist\"><strong>Soloist<\/strong><\/a> \/ <a href=\"#repertoire\"><strong>Repertoire<\/strong><\/a> \/ <a href=\"#leden\"><strong>Members<\/strong><\/a> \/ <strong><a href=\"#tourjournaal\">Tourjournaal<\/a><\/strong> \/  <a href=\"#fondsen\"><strong>Funds<\/strong><\/a><\/p>\n\n\n\n<p class=\"has-medium-font-size\">During Ricciotti In Extase!, we celebrate the influence of religions and worldviews on music globally. Through a special experience, a spiritual event, or when you are deeply moved by something like music, one can experience ecstasy. This can happen in many more ways than you might initially expect. From playing an African American spiritual or a piece inspired by Zen Buddhism to music based on Taoist philosophies, Ricciotti aims to enter this state of overwhelming joy or contemplation together with its audience. Singer Nani Vazana, who will perform in several languages related to various religions, will join us as a soloist. We hope to experience all these different influences during Ricciotti In Extase!, stepping outside of ourselves and perhaps even performing outdoors!<\/p>\n<\/div><\/div>\n\n\n\n<div class=\"has-bottom-wave wave-double wave-right wp-block-group alignfull has-purple-color has-yellow-deep-background-color has-text-color has-background has-link-color wp-elements-3545b87e365907dd9a461e5cfc61b0e7\" id=\"optredens\"><div class=\"wp-block-group__inner-container is-layout-constrained wp-block-group-is-layout-constrained\">\n<h2 class=\"wp-block-heading\">Overview performances<\/h2>\n\n\n\n<p class=\"has-medium-font-size\">All performances are free and open to the public without reservation, unless otherwise noted.<\/p>\n\n\n\n<p><strong>Public performance<\/strong>: Free of charge for everyone.<br><strong>Social public performance:<\/strong> Public performance in a social institution.<\/p>\n\n\n\n<p><em>This overview of performances will be updated through the end of the tour. <\/em><\/p>\n\n\n<div class=\"tourdates-wrapper\">\t\t<ul class=\"dates-upcoming\">\t\t<\/ul>\t\t<ul class=\"dates-past\">\t\t<li>\t\t<h3>Thu, May 8<\/h3>\t\t\t<ul>\t\t<li class=\"performance\">\t\t\t<div class=\"time\">10:45 \u2013 11:45<\/div>\t\t\t<div class=\"location\"> P.I. Lelystad, Lelystad<\/div>\t\t\t<div class=\"type-of-date\"> Private social performance<\/div>\t\t<\/li>\t\t<li class=\"performance\">\t\t\t<div class=\"time\">12:45 &#8211; 13:45<\/div>\t\t\t<div class=\"location\">P.I. Lelystad, Lelystad <\/div>\t\t\t<div class=\"type-of-date\">Private social performance<\/div>\t\t<\/li>\t\t<li class=\"performance\">\t\t\t<div class=\"time\">14:15 \u2013 15:15<\/div>\t\t\t<div class=\"location\"> P.I. Lelystad, Lelystad<\/div>\t\t\t<div class=\"type-of-date\"> Private social performance<\/div>\t\t<\/li>\t\t<li class=\"performance\">\t\t\t<div class=\"time\">20:00 \u2013 22:00<\/div>\t\t\t<div class=\"location\"> Zonnehuis, Amsterdam<\/div>\t\t\t<div class=\"type-of-date\"> Public performance<\/div><div class=\"extra-info\"><p>Zonneplein 30, 1033 EK Amsterdam<\/p>\n<\/div>\t\t<\/li>\t\t\t<\/ul>\t\t<\/li>\t\t<li>\t\t<h3>Wed, May 7<\/h3>\t\t\t<ul>\t\t<li class=\"performance\">\t\t\t<div class=\"time\">11.30 \u2013 12.30<\/div>\t\t\t<div class=\"location\"> Herbergier de Maashorst, Zeeland<\/div>\t\t\t<div class=\"type-of-date\"> Private social performance<\/div>\t\t<\/li>\t\t<li class=\"performance\">\t\t\t<div class=\"time\">15:00 &#8211; 16:00<\/div>\t\t\t<div class=\"location\">AZC, Gilze en Rijen<\/div>\t\t\t<div class=\"type-of-date\">Private social performance<\/div>\t\t<\/li>\t\t<li class=\"performance\">\t\t\t<div class=\"time\">19.30 \u2013 20:45<\/div>\t\t\t<div class=\"location\"> Rozet, Arnhem<\/div>\t\t\t<div class=\"type-of-date\"> Public performance, reservation required<\/div><div class=\"extra-info\"><p>Reserve via <a href=\"https:\/\/shorturl.at\/FjfWl\" target=\"_blank\" rel=\"noreferrer noopener\">this link<\/a><br \/>Kortestraat 16, 6811 EP Arnhem<\/p>\n<\/div>\t\t<\/li>\t\t\t<\/ul>\t\t<\/li>\t\t<li>\t\t<h3>Tues, May 6<\/h3>\t\t\t<ul>\t\t<li class=\"performance\">\t\t\t<div class=\"time\">11:30 &#8211; 12:30 <\/div>\t\t\t<div class=\"location\">Jeroen Bosch Ziekenhuis, &#8216;s-Hetogenbosch<\/div>\t\t\t<div class=\"type-of-date\">Social public performance<\/div><div class=\"extra-info\"><p>Henri Dunantstraat 1, 5223 GZ &#8216;s-Hertogenbosch<\/p>\n<\/div>\t\t<\/li>\t\t<li class=\"performance\">\t\t\t<div class=\"time\">14:15 &#8211; 15:00<\/div>\t\t\t<div class=\"location\">Leger des Heils, Utrecht<\/div>\t\t\t<div class=\"type-of-date\">Private social performance<\/div>\t\t<\/li>\t\t<li class=\"performance\">\t\t\t<div class=\"time\">19:30 \u2013 20:30<\/div>\t\t\t<div class=\"location\"> Stichting Scorlewald, Schoorl<\/div>\t\t\t<div class=\"type-of-date\"> Private social performance<\/div>\t\t<\/li>\t\t\t<\/ul>\t\t<\/li>\t\t<li>\t\t<h3>Mon, May 5<\/h3>\t\t\t<ul>\t\t<li class=\"performance\">\t\t\t<div class=\"time\">14:00 \u2013 15:00<\/div>\t\t\t<div class=\"location\">Amerpoort, Baarn<\/div>\t\t\t<div class=\"type-of-date\">Social public performance<\/div><div class=\"extra-info\"><p>Nieuwenoordlaan 12, 3744 Baarn<\/p>\n<\/div>\t\t<\/li>\t\t<li class=\"performance\">\t\t\t<div class=\"time\">20:00 \u2013 22:00<\/div>\t\t\t<div class=\"location\"> De Open Hof Kerkasiel, Kampen<\/div>\t\t\t<div class=\"type-of-date\"> Public performance<\/div><div class=\"extra-info\"><p>Lelystraat 49, 8265 BB Kampen<\/p>\n<\/div>\t\t<\/li>\t\t\t<\/ul>\t\t<\/li>\t\t<li>\t\t<h3>Sun, May 4<\/h3>\t\t\t<ul>\t\t<li class=\"performance\">\t\t\t<div class=\"time\">11:00 &#8211; 12:00<\/div>\t\t\t<div class=\"location\"> Bewonersvereniging Nellestein, Amsterdam<\/div>\t\t\t<div class=\"type-of-date\"> Social public performance<\/div><div class=\"extra-info\"><p>Leksmondplein 31, 1108 EL Amsterdam<\/p>\n<\/div>\t\t<\/li>\t\t<li class=\"performance\">\t\t\t<div class=\"time\">14:00 &#8211; 14:45<\/div>\t\t\t<div class=\"location\">Zorgcentrum Buitenhaeghe, Almere<\/div>\t\t\t<div class=\"type-of-date\">Private social performance<\/div>\t\t<\/li>\t\t<li class=\"performance\">\t\t\t<div class=\"time\">16:00 &#8211; 16:45<\/div>\t\t\t<div class=\"location\">Riekerhof, Amsterdam<\/div>\t\t\t<div class=\"type-of-date\">Private social performance<\/div>\t\t<\/li>\t\t<li class=\"performance\">\t\t\t<div class=\"time\">19:30 &#8211; 21:00<\/div>\t\t\t<div class=\"location\">Soefi Tempel Universel, Katwijk aan Zee<\/div>\t\t\t<div class=\"type-of-date\">Public performance, reservation required<\/div><div class=\"extra-info\"><p>Reserve via <a href=\"https:\/\/www.eventbrite.nl\/e\/ricciotti-in-extase-soefi-tempel-universel-tickets-1301874735379?aff=oddtdtcreator\" data-type=\"link\" data-id=\"https:\/\/www.eventbrite.nl\/e\/ricciotti-in-extase-soefi-tempel-universel-tickets-1301874735379?aff=oddtdtcreator\" target=\"_blank\" rel=\"noreferrer noopener\">this link<\/a><br \/>Zuidduinseweg 5, 2225 JS Katwijk aan Zee<\/p>\n<\/div>\t\t<\/li>\t\t\t<\/ul>\t\t<\/li>\t\t<li>\t\t<h3>Sat, May 3<\/h3>\t\t\t<ul>\t\t<li class=\"performance\">\t\t\t<div class=\"time\">14:00 &#8211; 15:00<\/div>\t\t\t<div class=\"location\"> Noorderkerk, Amsterdam<\/div>\t\t\t<div class=\"type-of-date\"> Public performance<\/div><div class=\"extra-info\"><p>Reserve to ensure a spot via <a href=\"https:\/\/noorderkerkconcerten.stager.co\/web\/tickets\/111493409\" data-type=\"link\" data-id=\"https:\/\/noorderkerkconcerten.stager.co\/web\/tickets\/111493409\">this link<\/a><br \/>Noordermarkt 44, 1015 NA Amsterdam<\/p>\n<\/div>\t\t<\/li>\t\t<li class=\"performance\">\t\t\t<div class=\"time\">16:00 &#8211; 17:00<\/div>\t\t\t<div class=\"location\">COA, Haarlem<\/div>\t\t\t<div class=\"type-of-date\">Private social performance<\/div>\t\t<\/li>\t\t<li class=\"performance\">\t\t\t<div class=\"time\">19:30 &#8211; 21:15<\/div>\t\t\t<div class=\"location\"> Stadsklooster Utrecht, Utrecht<\/div>\t\t\t<div class=\"type-of-date\"> Public performance<\/div><div class=\"extra-info\"><p>Kanaalstraat 198, 3531 CP Utrecht<\/p>\n<\/div>\t\t<\/li>\t\t\t<\/ul>\t\t<\/li>\t\t<\/ul>\t<\/div><\/div><\/div>\n\n\n\n<div class=\"wp-block-group alignfull has-purple-color has-yellow-light-background-color has-text-color has-background has-link-color wp-elements-13286cf84ce3c7279502ff65170fac0c\" id=\"solist\"><div class=\"wp-block-group__inner-container is-layout-constrained wp-block-group-is-layout-constrained\">\n<h2 class=\"wp-block-heading\">Soloist<\/h2>\n\n\n\n<div class=\"wp-block-columns is-layout-flex wp-container-core-columns-is-layout-9d6595d7 wp-block-columns-is-layout-flex\">\n<div class=\"wp-block-column is-layout-flow wp-block-column-is-layout-flow\" style=\"flex-basis:66.66%\">\n<h3 class=\"wp-block-heading\">Three questions for singer Nani Vazana, our soloist during Ricciotti In Extase!<\/h3>\n\n\n\n<p><strong>How did you get started making music?<\/strong><br>\u201cI always knew I wanted to be a musician. When I was 2 years old, I was already imitating opera singers I heard on the radio and I told my mother I wanted to become a singer. For my third birthday, I asked for a piano, and for my fourth birthday, I wanted a microphone. So it became clear quite early!\u201d<\/p>\n\n\n\n<p><strong>In which languages do you sing and speak?<\/strong><br>\u201cI speak English, Dutch, Hebrew, and also a little Ladino and German. I usually write my songs in Ladino, English, and sometimes in Hebrew. I also write stories in Dutch, and I sing in about 15 different languages.\u201d<\/p>\n\n\n\n<p><strong>The Ricciotti performs everywhere and for everyone. Do you have experience performing in unusual places?<\/strong><br>\u201cBecause I had stage fright, I played a lot on the street. I wasn\u2019t able to express what I wanted to do on stage and was always anxious about my performance. Then I thought: where would it be the most difficult? And yes, that was on the street. For several years, I really played on the street 2 or 3 times a week until I was able to say goodbye to my stage fright.\u201d&nbsp;<\/p>\n\n\n\n<p><strong>More information about Nani can be found on her own <a href=\"https:\/\/nanimusic.com\/\" target=\"_blank\" rel=\"noreferrer noopener\">website<\/a>.<\/strong><\/p>\n<\/div>\n\n\n\n<div class=\"wp-block-column is-layout-flow wp-block-column-is-layout-flow\" style=\"flex-basis:33.33%\">\n<figure class=\"masked mask-vert-02 wp-block-image size-medium\"><img loading=\"lazy\" decoding=\"async\" width=\"480\" height=\"720\" src=\"https:\/\/ricciotti.nl\/wp-content\/uploads\/2025\/04\/Nani-Vazana-photo_-Victor-Lacken-2-480x720.jpg\" alt=\"\" class=\"wp-image-151\" srcset=\"https:\/\/ricciotti.nl\/wp-content\/uploads\/2025\/04\/Nani-Vazana-photo_-Victor-Lacken-2-480x720.jpg 480w, https:\/\/ricciotti.nl\/wp-content\/uploads\/2025\/04\/Nani-Vazana-photo_-Victor-Lacken-2-1068x1600.jpg 1068w, https:\/\/ricciotti.nl\/wp-content\/uploads\/2025\/04\/Nani-Vazana-photo_-Victor-Lacken-2-768x1151.jpg 768w, https:\/\/ricciotti.nl\/wp-content\/uploads\/2025\/04\/Nani-Vazana-photo_-Victor-Lacken-2-1025x1536.jpg 1025w, https:\/\/ricciotti.nl\/wp-content\/uploads\/2025\/04\/Nani-Vazana-photo_-Victor-Lacken-2-8x12.jpg 8w, https:\/\/ricciotti.nl\/wp-content\/uploads\/2025\/04\/Nani-Vazana-photo_-Victor-Lacken-2-450x674.jpg 450w, https:\/\/ricciotti.nl\/wp-content\/uploads\/2025\/04\/Nani-Vazana-photo_-Victor-Lacken-2.jpg 1281w\" sizes=\"auto, (max-width: 480px) 100vw, 480px\" \/><figcaption class=\"wp-element-caption\">photo: Victor Lacken<\/figcaption><\/figure>\n<\/div>\n<\/div>\n<\/div><\/div>\n\n\n\n<div class=\"has-bottom-wave wave-triple wave-left wp-block-group alignfull has-yellow-light-color has-magenta-background-color has-text-color has-background has-link-color wp-elements-fc3d8b78f9712ae31cf1e1f8333036da\" id=\"repertoire\"><div class=\"wp-block-group__inner-container is-layout-constrained wp-block-group-is-layout-constrained\">\n<h2 class=\"wp-block-heading\">Repertoire<\/h2>\n\n\n\n<div class=\"wp-block-columns is-layout-flex wp-container-core-columns-is-layout-9d6595d7 wp-block-columns-is-layout-flex\">\n<div class=\"wp-block-column is-layout-flow wp-block-column-is-layout-flow\" style=\"flex-basis:50%\">\n<p><strong>Premieres<\/strong><br><em>Jhinjhoti<\/em> \u2013 Arjan Linker<br><strong><br>Classical<\/strong><br><em>Een Nacht op de Kale Berg<\/em> \u2013 Modest Moessorgski<br><em>Die Zauberfl\u00f6te O<\/em><em>uverture<\/em> \u2013 W.A. Mozart&nbsp;<br><em>In the Street of Ouled Na\u00efls<\/em> \u2013 Gustav Holst&nbsp;<br><em>Elsa\u2019s processie naar de Kathedraal<\/em> \u2013 Richard Wagner&nbsp;<br><em>4\u201933<\/em> \u2013 John Cage&nbsp;<br><em>Crouching<\/em><em> Tiger Concerto<\/em> \u2013 Tan Dun&nbsp;<br><em>Davet<\/em> \u2013 Attila \u00d6zdemiroglu (arr. Tolga Zafer \u00d6zdemir)<br><em>Le Proph\u00e8te<\/em><em>, Kroningsmars<\/em> \u2013 Giacomo Meyerbeer (arr. Pien ten Have)<br><em>Da Pacem Domine<\/em> \u2013 Arvo P\u00e4rt&nbsp;&nbsp;<\/p>\n<\/div>\n\n\n\n<div class=\"wp-block-column is-layout-flow wp-block-column-is-layout-flow\" style=\"flex-basis:50%\">\n<p><strong>Repertoire<\/strong><br><em>Devil Circle<\/em> \u2013 Cracow Klezmer Band (arr. Hugo Bouma)<br><em>Spiritual<\/em> \u2013 John Coltrane (arr. Thomas Welvaadt)<br><em>The Flying Spaghetti Monster Song<\/em> \u2013 Drs. P (arr. Benjamin de Boer)&nbsp;<br><em>Cristo de la Navajas<\/em> \u2013 Califato \u00be (arr. Hugo Bouma)<br><em>Orunmila\u2019s<\/em><em> Dance<\/em> \u2013 Bayuba Cante (arr. Maripepa Contreras)<br><em>Xtase M<\/em><em>edley<\/em> \u2013 Div. componisten (arr. Peter Davis)<br><\/p>\n\n\n\n<p><strong>With Nani Vazana, <\/strong>voice &amp; trombone<br><em>Cuando el Rey Nimrod<\/em> \u2013 Traditional (arr. Maud Busschers)<br><em>Requiem Remix<\/em> \u2013 W.A. Mozart (arr. Peter Keijsers)<br><em>Una Segunda<\/em><em> Piel<\/em> \u2013 Nani Vazana (arr. Ida Weidner)<br><em>She\u2018s Got the Whole World in Her H<\/em><em>ands<\/em> \u2013 Nina Simone (arr. Bram Faber)<br><em>Cinema Paradiso<\/em> \u2013 Ennio Morricone (arr. \u00c1ron Simon)<br><em>Pie Jesu<\/em> \u2013 Lili Boulanger (arr. Maarten Bauer)&nbsp;<br><em>Is Love Alive<\/em> \u2013 Nani Vazana (arr. Rani Kumar)<br><\/p>\n\n\n\n<p>Conductor - Douwe  Nauta<\/p>\n<\/div>\n<\/div>\n<\/div><\/div>\n\n\n\n<div class=\"wp-block-group alignfull has-purple-color has-yellow-bright-background-color has-text-color has-background has-link-color wp-elements-c2dbc6be9bb17d20c60e7e9f947f7831\" id=\"leden\"><div class=\"wp-block-group__inner-container is-layout-constrained wp-block-group-is-layout-constrained\">\n<h2 class=\"wp-block-heading\">Members<\/h2>\n\n\n<div class=\"members-list-wrap cols-4\"><ul> <li><h4>Flute<\/h4><\/li><li>Kasper Punt<\/li><li>Rivka van Vliet<\/li><\/ul><ul> <li><h4>Oboe<\/h4><\/li><li>Rosa Vahl<\/li><li>Tessa van de Warenburg<\/li><\/ul><ul> <li><h4>Clarinet<\/h4><\/li><li>Brennan de Graaf<\/li><li>Iris Holleman<\/li><\/ul><ul> <li><h4>Bassoon<\/h4><\/li><li>Kaito Rodrigues<\/li><li>Sarah Warnau<\/li><\/ul><ul> <li><h4>Saxophone<\/h4><\/li><li>Sam Teeuwen<\/li><li>Nonthapat Chaiviratnukul<\/li><\/ul><ul> <li><h4>French Horn<\/h4><\/li><li>Bastian Bruinse<\/li><li>Tobias van Dongen<\/li><\/ul><ul> <li><h4>Trumpet<\/h4><\/li><li>Bram van Diemen<\/li><li>Sander Beens<\/li><\/ul><ul> <li><h4>Trombone<\/h4><\/li><li>Huub de Jong<\/li><\/ul><ul> <li><h4>Drums\/percussion<\/h4><\/li><li>Baue Kunstman<\/li><li>Eber Gonz\u00e1lez<\/li><\/ul><ul> <li><h4>Violin 1<\/h4><\/li><li>Olav Slootbeek (cm)<\/li><li>Sybren Holwerda<\/li><li>Marie-Louise Stapper<\/li><li>Annelotte Beutler<\/li><li>Jan Dubielak<\/li><li>Daphne Biron<\/li><li>Eleanne Haalstra<\/li><li>Madu Nie<\/li><\/ul><ul> <li><h4>Violin 2<\/h4><\/li><li>Sonja Schravesande (av)<\/li><li>Kirsten Bedner<\/li><li>Muirne van Mechelen<\/li><li>Renette Kwakkenbos<\/li><li>Josefien Overeem<\/li><li>Kajsa Gosewinkel<\/li><\/ul><ul> <li><h4>Viola<\/h4><\/li><li>Ivo Slootbeek (av)<\/li><li>Sunniva Skaug (av)<\/li><li>Isha Rodenburg<\/li><li>Marike Knegtering<\/li><li>Lot Postma<\/li><\/ul><ul> <li><h4>Cello<\/h4><\/li><li>Hedwig Kok (av)<\/li><li>Zoey Dor (av)<\/li><li>Peter Davis<\/li><li>Dauwe Lentz<\/li><li>Janko Wiebenga<\/li><\/ul><ul> <li><h4>Double Bass<\/h4><\/li><li>Valentijn de Graaf<\/li><\/ul><ul> <li><h4>Jazz Bass<\/h4><\/li><li>Samuel Kiel<\/li><\/ul><\/div><\/div><\/div>\n\n\n\n<div class=\"wp-block-group alignfull has-purple-color has-yellow-deep-background-color has-text-color has-background has-link-color wp-elements-79bb2ae057b4f4d0596bf618a1e0bb1f\" id=\"tourjournaal\"><div class=\"wp-block-group__inner-container is-layout-constrained wp-block-group-is-layout-constrained\">\n<h2 class=\"wp-block-heading\">Tourjournaal<\/h2>\n\n\n<div class=\"mm-items-overview-block alignfull  num-0 cat-ricciotti-in-extase\">\t<div class=\"items-wrapper type-post clearfix\"><div class=\"overview-item cat-ricciotti-in-extase odd\" id=\"item-433\"  ><a href=\"https:\/\/ricciotti.nl\/en\/tourjournaal-dag-6-door-lot-en-muirne\/\" ><div class=\"img-wrap\"><img decoding=\"async\" src=\"https:\/\/ricciotti.nl\/wp-content\/uploads\/2025\/05\/Ricciotti-In-Extase-Lot-en-Muirne-720x720.jpeg\" width=\"720\" height=\"720\" loading=\"lazy\" class=\"item-thumb img-471 size-square-thumb\" \/><\/div><\/a> <div class=\"block-txt-wrap\">\t\t<h3><a href=\"https:\/\/ricciotti.nl\/en\/tourjournaal-dag-6-door-lot-en-muirne\/\" >Tourjournaal Dag 6 door Lot en Muirne<\/a><\/h3><div class=\"item-text type-excerpt\">Voor onze laatste dag van Ricciotti In Extase! tekenden en schreven Lot en Muirne drie ansichtkaarten, die [&hellip;]<\/div><div class=\"more-link-wrap\"><a href=\"https:\/\/ricciotti.nl\/en\/tourjournaal-dag-6-door-lot-en-muirne\/\" >lees meer &rsaquo;<\/a><\/div>\t<\/div><\/div><div class=\"overview-item cat-ricciotti-in-extase even\" id=\"item-431\"  ><a href=\"https:\/\/ricciotti.nl\/en\/tourjournaal-dag-5-door-huub-en-isha\/\" ><div class=\"img-wrap\"><img decoding=\"async\" src=\"https:\/\/ricciotti.nl\/wp-content\/uploads\/2025\/05\/Ricciotti-In-Extase-Huub-en-Isha-720x720.jpeg\" width=\"720\" height=\"720\" loading=\"lazy\" class=\"item-thumb img-474 size-square-thumb\" \/><\/div><\/a> <div class=\"block-txt-wrap\">\t\t<h3><a href=\"https:\/\/ricciotti.nl\/en\/tourjournaal-dag-5-door-huub-en-isha\/\" >Tourjournaal Dag 5 door Huub en Isha<\/a><\/h3><div class=\"item-text type-excerpt\">Op 7 mei legde trombonist Huub en altviolist Isha onze 5e dag van Ricciotti In Extase vast! [&hellip;]<\/div><div class=\"more-link-wrap\"><a href=\"https:\/\/ricciotti.nl\/en\/tourjournaal-dag-5-door-huub-en-isha\/\" >lees meer &rsaquo;<\/a><\/div>\t<\/div><\/div><div class=\"overview-item cat-ricciotti-in-extase odd\" id=\"item-428\"  ><a href=\"https:\/\/ricciotti.nl\/en\/tourjournaal-dag-4-door-dauwe-en-iris\/\" ><div class=\"img-wrap\"><img decoding=\"async\" src=\"https:\/\/ricciotti.nl\/wp-content\/uploads\/2025\/05\/Ricciotti-In-Extase-Iris-en-Dauwe-720x720.jpeg\" width=\"720\" height=\"720\" loading=\"lazy\" class=\"item-thumb img-470 size-square-thumb\" \/><\/div><\/a> <div class=\"block-txt-wrap\">\t\t<h3><a href=\"https:\/\/ricciotti.nl\/en\/tourjournaal-dag-4-door-dauwe-en-iris\/\" >Tourjournaal Dag 4 door Dauwe en Iris<\/a><\/h3><div class=\"item-text type-excerpt\">Na de danssessie van gisteravond wordt het ontbijt in de StayOkay maar mondjesmaat bezocht. De meeste orkestleden [&hellip;]<\/div><div class=\"more-link-wrap\"><a href=\"https:\/\/ricciotti.nl\/en\/tourjournaal-dag-4-door-dauwe-en-iris\/\" >lees meer &rsaquo;<\/a><\/div>\t<\/div><\/div><div class=\"overview-item cat-ricciotti-in-extase even\" id=\"item-426\"  ><a href=\"https:\/\/ricciotti.nl\/en\/tour-journaal-dag-3-door-eleanne-en-marie-louise\/\" ><div class=\"img-wrap\"><img decoding=\"async\" src=\"https:\/\/ricciotti.nl\/wp-content\/uploads\/2025\/05\/Ricciotti-In-Extase-Eleanne-en-Marie-Louise-720x720.jpeg\" width=\"720\" height=\"720\" loading=\"lazy\" class=\"item-thumb img-473 size-square-thumb\" \/><\/div><\/a> <div class=\"block-txt-wrap\">\t\t<h3><a href=\"https:\/\/ricciotti.nl\/en\/tour-journaal-dag-3-door-eleanne-en-marie-louise\/\" >Tourjournaal Dag 3 door Eleanne en Marie-Louise<\/a><\/h3><div class=\"item-text type-excerpt\">Deze ochtend startten we met onze eerste twee WildOp\u2019s! Dat is een spontaan optreden op een openbare [&hellip;]<\/div><div class=\"more-link-wrap\"><a href=\"https:\/\/ricciotti.nl\/en\/tour-journaal-dag-3-door-eleanne-en-marie-louise\/\" >lees meer &rsaquo;<\/a><\/div>\t<\/div><\/div><div class=\"overview-item cat-ricciotti-in-extase odd\" id=\"item-420\"  ><a href=\"https:\/\/ricciotti.nl\/en\/tour-journaal-dag-2-door-zoey-en-peter\/\" ><div class=\"img-wrap\"><img decoding=\"async\" src=\"https:\/\/ricciotti.nl\/wp-content\/uploads\/2025\/05\/Ricciotti-In-Extase-Peter-en-Zoey-720x720.jpeg\" width=\"720\" height=\"720\" loading=\"lazy\" class=\"item-thumb img-472 size-square-thumb\" \/><\/div><\/a> <div class=\"block-txt-wrap\">\t\t<h3><a href=\"https:\/\/ricciotti.nl\/en\/tour-journaal-dag-2-door-zoey-en-peter\/\" >Tourjournaal Dag 2 door Zoey en Peter<\/a><\/h3><div class=\"item-text type-excerpt\">De tweede dag van onze tour begon met het ontwaken in de StayOkay Egmond, een plek waar [&hellip;]<\/div><div class=\"more-link-wrap\"><a href=\"https:\/\/ricciotti.nl\/en\/tour-journaal-dag-2-door-zoey-en-peter\/\" >lees meer &rsaquo;<\/a><\/div>\t<\/div><\/div><div class=\"overview-item cat-ricciotti-in-extase even\" id=\"item-306\"  ><a href=\"https:\/\/ricciotti.nl\/en\/tourdag-1-door-wies\/\" ><div class=\"img-wrap\"><img decoding=\"async\" src=\"https:\/\/ricciotti.nl\/wp-content\/uploads\/2024\/11\/Ricciotti-In-Extase-Daphne-en-Bastian-720x720.jpeg\" width=\"720\" height=\"720\" loading=\"lazy\" class=\"item-thumb img-468 size-square-thumb\" \/><\/div><\/a> <div class=\"block-txt-wrap\">\t\t<h3><a href=\"https:\/\/ricciotti.nl\/en\/tourdag-1-door-wies\/\" >Tourjournaal Dag 1 door Daphne en Bastian<\/a><\/h3><div class=\"item-text type-excerpt\">Welkom bij het eerste Tour Journaal tijdens Ricciotti In Extase! Violiste Daphne en hoornist Bastian nemen jullie [&hellip;]<\/div><div class=\"more-link-wrap\"><a href=\"https:\/\/ricciotti.nl\/en\/tourdag-1-door-wies\/\" >lees meer &rsaquo;<\/a><\/div>\t<\/div><\/div>\t<\/div><\/div><\/div><\/div>\n\n\n\n<div class=\"wp-block-group alignfull has-purple-color has-yellow-light-background-color has-text-color has-background has-link-color wp-elements-54b96429750b9cf67829929c9933aca6\" id=\"fondsen\"><div class=\"wp-block-group__inner-container is-layout-constrained wp-block-group-is-layout-constrained\">\n<h2 class=\"wp-block-heading\">Funds<\/h2>\n\n\n\n<div class=\"wp-block-columns is-layout-flex wp-container-core-columns-is-layout-9d6595d7 wp-block-columns-is-layout-flex\">\n<div class=\"wp-block-column is-layout-flow wp-block-column-is-layout-flow\" style=\"flex-basis:50%\">\n<p>Ricciotti is structurally supported by the <a href=\"https:\/\/www.amsterdamsfondsvoordekunst.nl\/\" target=\"_blank\" rel=\"noreferrer noopener\">Amsterdams Fonds voor de Kunst<\/a> and, <a href=\"https:\/\/fondspodiumkunsten.nl\/\" target=\"_blank\" rel=\"noreferrer noopener\">Fonds Podiumkunsten<\/a>. <em>Ricciotti In Extase!<\/em> is further made possible by a contribution from the <a href=\"https:\/\/iona.nl\/\" target=\"_blank\" rel=\"noreferrer noopener\">Iona Stichting<\/a> and Stichting Kooylant. We can also count on the support of our Groupies, Mecenassen, and Vrienden every year.<\/p>\n<\/div>\n\n\n\n<div class=\"wp-block-column partner-logos-wrap is-layout-flow wp-block-column-is-layout-flow\" style=\"flex-basis:50%\">\n<figure class=\"wp-block-image size-large\"><a href=\"https:\/\/www.amsterdamsfondsvoordekunst.nl\/\" target=\"_blank\" rel=\" noreferrer noopener\"><img loading=\"lazy\" decoding=\"async\" width=\"236\" height=\"70\" src=\"https:\/\/ricciotti.nl\/wp-content\/uploads\/2025\/04\/amsterdams-fonts-vd-kunst.svg\" alt=\"\" class=\"wp-image-170\"\/><\/a><\/figure>\n\n\n\n<figure class=\"wp-block-image size-large\"><a href=\"https:\/\/fondspodiumkunsten.nl\/\" target=\"_blank\" rel=\" noreferrer noopener\"><img loading=\"lazy\" decoding=\"async\" width=\"100\" height=\"70\" src=\"https:\/\/ricciotti.nl\/wp-content\/uploads\/2025\/04\/fonds-podium-kunsten.svg\" alt=\"\" class=\"wp-image-171\"\/><\/a><\/figure>\n\n\n\n<figure class=\"wp-block-image size-large\"><a href=\"https:\/\/iona.nl\/\" target=\"_blank\" rel=\" noreferrer noopener\"><img loading=\"lazy\" decoding=\"async\" width=\"290\" height=\"70\" src=\"https:\/\/ricciotti.nl\/wp-content\/uploads\/2025\/04\/iona-stichting.svg\" alt=\"\" class=\"wp-image-172\"\/><\/a><\/figure>\n<\/div>\n<\/div>\n<\/div><\/div>\n\n\n\n<p><\/p>","protected":false},"excerpt":{"rendered":"<p>Snel naar: Overzicht optredens \/ Solist \/ Repertoire \/ Leden \/ Tourjournaal \/ Fondsen Tijdens Ricciotti In [&hellip;]<\/p>","protected":false},"featured_media":629,"parent":0,"template":"","meta":{"body_color":"yellow-light","hamburger_color":"purple","header_color":"","header_image":114,"header_image_full_width":true,"footer_color":"purple","footer_wave":true,"footer_wave_placement":"right","tour_date_start":"2025-05-03","tour_date_end":"2025-05-08","tour_not_clickable":false},"class_list":["post-628","tour","type-tour","status-publish","has-post-thumbnail","hentry"],"_links":{"self":[{"href":"https:\/\/ricciotti.nl\/en\/wp-json\/wp\/v2\/tour\/628","targetHints":{"allow":["GET"]}}],"collection":[{"href":"https:\/\/ricciotti.nl\/en\/wp-json\/wp\/v2\/tour"}],"about":[{"href":"https:\/\/ricciotti.nl\/en\/wp-json\/wp\/v2\/types\/tour"}],"wp:featuredmedia":[{"embeddable":true,"href":"https:\/\/ricciotti.nl\/en\/wp-json\/wp\/v2\/media\/629"}],"wp:attachment":[{"href":"https:\/\/ricciotti.nl\/en\/wp-json\/wp\/v2\/media?parent=628"}],"curies":[{"name":"wp","href":"https:\/\/api.w.org\/{rel}","templated":true}]}}